{"id":11083,"date":"2024-05-21T01:13:24","date_gmt":"2024-05-20T23:13:24","guid":{"rendered":"https:\/\/fbhi.se\/kommunala-program\/"},"modified":"2025-01-28T17:21:44","modified_gmt":"2025-01-28T15:21:44","slug":"trana-hjarna","status":"publish","type":"page","link":"https:\/\/fbhi.se\/sv\/trana-hjarna\/","title":{"rendered":"Tr\u00e4na hj\u00e4rna"},"content":{"rendered":"[vc_row type=&#8221;full_width_background&#8221; full_screen_row_position=&#8221;middle&#8221; column_margin=&#8221;default&#8221; column_direction=&#8221;default&#8221; column_direction_tablet=&#8221;default&#8221; column_direction_phone=&#8221;default&#8221; scene_position=&#8221;center&#8221; top_padding=&#8221;30px&#8221; bottom_padding=&#8221;30px&#8221; text_color=&#8221;dark&#8221; text_align=&#8221;left&#8221; row_border_radius=&#8221;none&#8221; row_border_radius_applies=&#8221;bg&#8221; overflow=&#8221;visible&#8221; overlay_strength=&#8221;0.3&#8243; gradient_direction=&#8221;left_to_right&#8221; shape_divider_color=&#8221;#3452ff&#8221; shape_divider_position=&#8221;bottom&#8221; shape_divider_height=&#8221;40%&#8221; bg_image_animation=&#8221;none&#8221; shape_type=&#8221;straight_section&#8221; gradient_type=&#8221;default&#8221;][vc_column column_padding=&#8221;padding-2-percent&#8221; column_padding_tablet=&#8221;inherit&#8221; column_padding_phone=&#8221;inherit&#8221; column_padding_position=&#8221;all&#8221; column_element_direction_desktop=&#8221;default&#8221; column_element_spacing=&#8221;20px&#8221; desktop_text_alignment=&#8221;default&#8221; tablet_text_alignment=&#8221;default&#8221; phone_text_alignment=&#8221;default&#8221; background_color_opacity=&#8221;1&#8243; background_hover_color_opacity=&#8221;1&#8243; column_backdrop_filter=&#8221;none&#8221; column_shadow=&#8221;none&#8221; column_border_radius=&#8221;none&#8221; column_link_target=&#8221;_self&#8221; column_position=&#8221;default&#8221; gradient_direction=&#8221;left_to_right&#8221; overlay_strength=&#8221;0.3&#8243; width=&#8221;1\/1&#8243; tablet_width_inherit=&#8221;default&#8221; animation_type=&#8221;default&#8221; bg_image_animation=&#8221;none&#8221; border_type=&#8221;simple&#8221; column_border_width=&#8221;none&#8221; column_border_style=&#8221;solid&#8221; column_padding_type=&#8221;default&#8221; gradient_type=&#8221;default&#8221;][vc_row_inner equal_height=&#8221;yes&#8221; content_placement=&#8221;top&#8221; column_margin=&#8221;none&#8221; column_direction=&#8221;default&#8221; column_direction_tablet=&#8221;default&#8221; column_direction_phone=&#8221;default&#8221; text_align=&#8221;left&#8221; row_position=&#8221;default&#8221; row_position_tablet=&#8221;inherit&#8221; row_position_phone=&#8221;inherit&#8221; overflow=&#8221;visible&#8221; pointer_events=&#8221;all&#8221;][vc_column_inner column_padding=&#8221;no-extra-padding&#8221; column_padding_tablet=&#8221;inherit&#8221; column_padding_phone=&#8221;inherit&#8221; column_padding_position=&#8221;all&#8221; column_element_direction_desktop=&#8221;default&#8221; column_element_spacing=&#8221;0px&#8221; desktop_text_alignment=&#8221;default&#8221; tablet_text_alignment=&#8221;default&#8221; phone_text_alignment=&#8221;default&#8221; background_color_opacity=&#8221;1&#8243; background_hover_color_opacity=&#8221;1&#8243; column_backdrop_filter=&#8221;none&#8221; font_color=&#8221;#006885&#8243; column_shadow=&#8221;none&#8221; column_border_radius=&#8221;none&#8221; column_link_target=&#8221;_self&#8221; overflow=&#8221;visible&#8221; gradient_direction=&#8221;left_to_right&#8221; overlay_strength=&#8221;0.3&#8243; width=&#8221;1\/1&#8243; tablet_width_inherit=&#8221;default&#8221; animation_type=&#8221;default&#8221; bg_image_animation=&#8221;none&#8221; border_type=&#8221;simple&#8221; column_border_width=&#8221;none&#8221; column_border_style=&#8221;solid&#8221; column_padding_type=&#8221;default&#8221; gradient_type=&#8221;default&#8221;][vc_column_text el_class=&#8221;ComboH1+H2&#8243;]\n<h1>Liding\u00f6 stads livsstilsprogram<\/h1>\n[\/vc_column_text][vc_column_text]\n<h2>Tr\u00e4na hj\u00e4rna<\/h2>\n[\/vc_column_text][\/vc_column_inner][\/vc_row_inner][vc_row_inner equal_height=&#8221;yes&#8221; content_placement=&#8221;top&#8221; column_margin=&#8221;60px&#8221; column_direction=&#8221;default&#8221; column_direction_tablet=&#8221;default&#8221; column_direction_phone=&#8221;default&#8221; text_align=&#8221;left&#8221; row_position=&#8221;default&#8221; row_position_tablet=&#8221;inherit&#8221; row_position_phone=&#8221;inherit&#8221; overflow=&#8221;visible&#8221; pointer_events=&#8221;all&#8221;][vc_column_inner column_padding=&#8221;no-extra-padding&#8221; column_padding_tablet=&#8221;inherit&#8221; column_padding_phone=&#8221;inherit&#8221; column_padding_position=&#8221;all&#8221; column_element_direction_desktop=&#8221;default&#8221; column_element_spacing=&#8221;default&#8221; desktop_text_alignment=&#8221;default&#8221; tablet_text_alignment=&#8221;default&#8221; phone_text_alignment=&#8221;default&#8221; background_color_opacity=&#8221;1&#8243; background_hover_color_opacity=&#8221;1&#8243; column_backdrop_filter=&#8221;none&#8221; column_shadow=&#8221;none&#8221; column_border_radius=&#8221;none&#8221; column_link_target=&#8221;_self&#8221; overflow=&#8221;visible&#8221; gradient_direction=&#8221;left_to_right&#8221; overlay_strength=&#8221;0.3&#8243; width=&#8221;2\/3&#8243; tablet_width_inherit=&#8221;default&#8221; animation_type=&#8221;default&#8221; bg_image_animation=&#8221;none&#8221; border_type=&#8221;simple&#8221; column_border_width=&#8221;none&#8221; column_border_style=&#8221;solid&#8221; column_padding_type=&#8221;default&#8221; gradient_type=&#8221;default&#8221;][vc_column_text]<strong>Intresset \u00e4r stort f\u00f6r Liding\u00f6s livsstilsprogram Tr\u00e4na hj\u00e4rna. Programmets tredje omg\u00e5ng startade h\u00f6sten 2024.<\/strong><\/p>\n<p><span data-contrast=\"auto\">Liding\u00f6 stad \u00e4r den f\u00f6rsta kommunen i v\u00e4rlden som implementerat ett n\u00e4stan fullskaligt FINGER-baserat livsstilsprogram. Programmet, som heter Tr\u00e4na hj\u00e4rna, \u00e4r ett samarbete mellan Liding\u00f6 stad, Karolinska Institutet och FINGERS Brain Health Institute. Det erbjuder aktiviteter och st\u00f6d till \u00e4ldre medborgare och \u00e4r ocks\u00e5 ett forskningsprojekt som unders\u00f6ker processer och effektivitet vad g\u00e4ller FINGER-implementering.\u00a0<\/span><\/p>\n<h4>Tv\u00e4rsektoriell samverkan<\/h4>\n<p>Samh\u00e4llets resurser ska i framtiden r\u00e4cka till fler.\u00a0Hittills har kommuners omsorgsinsatser oftast riktats till individer som redan har insjuknat i en demenssjukdom. St\u00f6det har getts i form av hj\u00e4lpande insatser sent i sjukdomsf\u00f6rloppet. Nu inser allt fler att det kr\u00e4vs insatser i ett tidigt skede, s\u00e5 att utvecklingen av kognitiv svikt kan f\u00f6rebyggas eller bromsas.<\/p>\n<p>Varken n\u00e4ringsliv, akademi, offentlig sektor eller id\u00e9buren sektor kan ensamt l\u00f6sa komplexiteten i den h\u00e4r samh\u00e4llsutmaningen. Det kr\u00e4vs nya former av samarbeten, som i sin tur kan leda till nya l\u00f6sningar, innovationer och id\u00e9er. H\u00e4r \u00e4r Tr\u00e4na Hj\u00e4rna ett gott exempel. Programmet bygger p\u00e5 systematisk och strukturerad tv\u00e4rsektoriell samverkan. Akt\u00f6rer knyts samman f\u00f6r att erbjuda st\u00f6d inom respektive \u201dfinger\u201d.<\/p>\n<p>Sedan starten 2021 har Tr\u00e4na hj\u00e4rna vuxit till att inkludera m\u00e5nga akt\u00f6rer fr\u00e5n region, akademien, n\u00e4ringsliv och civilsamh\u00e4lle. Implementeringen har genomf\u00f6rts genom m\u00e5lmedveten innovationsledning i kommunal kontext. Liding\u00f6 stad har st\u00e4llt om arbetss\u00e4tt med befintliga resurser till f\u00f6rm\u00e5n f\u00f6r insatser som baseras p\u00e5 forskningsresultat och som bevisligen ger goda effekter och st\u00e4rker sj\u00e4lvst\u00e4ndigheten hos m\u00e5lgruppen.<\/p>\n<h4><span data-contrast=\"auto\">Alla fem &#8221;fingrarna&#8221;<\/span><\/h4>\n<p><span data-contrast=\"auto\">Tr\u00e4na hj\u00e4rna-programmet erbjuds till \u00e4ldre personer med f\u00f6rh\u00f6jd risk att utveckla kognitiv svikt och demens, baserat p\u00e5 livsstil. <\/span>Man f\u00e5r st\u00f6d i att <span data-contrast=\"auto\">utv\u00e4rdera och f\u00f6r\u00e4ndra sin livsstil inom samtliga delar av FINGER-modellen, f\u00f6r att bibeh\u00e5lla god h\u00e4lsa, god upplevd livskvalitet och sj\u00e4lvst\u00e4ndighet i det dagliga livet.\u00a0<\/span><\/p>\n<p>Sj\u00e4lva programmet p\u00e5g\u00e5r under nio m\u00e5nader. Deltagarna tr\u00e4nar tillsammans p\u00e5 gym tv\u00e5 g\u00e5nger i veckan, med obligatorisk fika efter\u00e5t. Fikastunden \u00e4r en viktig del, f\u00f6r att st\u00e4rka de sociala relationerna mellan deltagarna. Under programmets g\u00e5ng f\u00e5r man \u00e4ven <span data-contrast=\"auto\">individuella motiverande samtal, kognitiv tr\u00e4ning och f\u00f6rel\u00e4sningar om alla delar inom FINGER-modellen<\/span>. I samband med f\u00f6rel\u00e4sningar ges ytterligare m\u00f6jlighet till socialt umg\u00e4nge.<\/p>\n<p><span data-contrast=\"auto\">Programmet anv\u00e4nder ett kognitivt tr\u00e4ningsprogram som \u00e4r utvecklat av Karolinska Institutet och som anv\u00e4nts i flera olika FINGER-relaterade forskningsprojekt, Det \u00e4r progressivt, dvs det \u00f6kar gradvis i komplexitet.<\/span><\/p>\n<p>Via sin v\u00e5rdcentral f\u00e5r deltagarna st\u00f6d att h\u00e5lla koll p\u00e5 hj\u00e4rt- och k\u00e4rlrelaterade v\u00e4rden och med eventuellt medicinering.<\/p>\n<h4><strong>Positiva resultat<\/strong><\/h4>\n<p><span data-contrast=\"auto\">F\u00f6re och efter programmet m\u00e4ts och utv\u00e4rderas fysiska funktioner, minnesfunktion, psykosociala faktorer, dagliga aktiviteter och upplevd livskvalitet.<\/span><\/p>\n<p>Majoriteten av deltagarna har gett uttryck f\u00f6r att programmet gett dem en nystart till ett h\u00e4lsosammare liv och nya v\u00e4nner f\u00f6r livet. Genomg\u00e5ende har man minskat i vikt, n\u00e5gra har kunnat minska dosen av blodtrycksmedicin och \u00e4ven kunnat sluta med medicin mot typ 2-diabetes. Majoriteten har fortsatt tr\u00e4na regelbundet och har f\u00f6r\u00e4ndrat sina kostvanor. En st\u00f6rre grupp forts\u00e4tter att tr\u00e4ffas p\u00e5 M\u00f6tesplats centrum, en av de \u00f6ppna seniorverksamheterna p\u00e5 Liding\u00f6, varje vecka f\u00f6r att bevara den sociala samvaron de f\u00e5tt genom programmet.<\/p>\n<h4><span data-contrast=\"auto\">Tredje omg\u00e5ngen p\u00e5g\u00e5r<\/span><\/h4>\n<p><span data-contrast=\"auto\">Initialt genomf\u00f6rdes en sex m\u00e5nader l\u00e5ng pilotomg\u00e5ng av programmet, som utv\u00e4rderades noga. <\/span><span data-contrast=\"auto\">Den f\u00f6rsta fullskaliga omg\u00e5ngen av programmet startade sedan i september 2022 och p\u00e5gick i nio m\u00e5nader. Av 275 s\u00f6kande blev 34 personer antagna som deltagare. Inf\u00f6r den andra omg\u00e5ngen, som startade h\u00f6sten 2023, ut\u00f6kade man gruppen till att omfatta 50 personer, och detsamma g\u00e4ller f\u00f6r omg\u00e5ng tre, som b\u00f6rjade i september 2024.\u00a0<\/span><\/p>\n<p><span data-contrast=\"auto\">D<\/span><span data-contrast=\"auto\">eltagare m\u00e5ste bo i eget hem i Liding\u00f6 stad, vara 65 \u00e5r eller \u00e4ldre och ha utrymme att g\u00f6ra f\u00f6r\u00e4ndringar i sitt liv, baserat p\u00e5 ett livsstilsindex. Blir man inte antagen till programmet \u00e4r man \u00e4nd\u00e5 varmt v\u00e4lkommen till de storf\u00f6rel\u00e4sningar som ordnas.<br \/>\n<\/span><\/p>\n<h4><span data-contrast=\"auto\">Nytta f\u00f6r individer och samh\u00e4llet<\/span><\/h4>\n<p><span data-contrast=\"auto\">Det h\u00e4r forskningsbaserade f\u00f6rebyggande programmet ger Liding\u00f6 stad m\u00f6jligheter att anv\u00e4nda sina resurser d\u00e4r de beh\u00f6vs som b\u00e4st. Programdeltagarna f\u00e5r, p\u00e5 ett tidigt stadium, hj\u00e4lp att bibeh\u00e5lla sin sj\u00e4lvst\u00e4ndighet, s\u00e5 att v\u00e5rdbehov kan skjutas p\u00e5 framtiden. <\/span><\/p>\n<p><span data-contrast=\"auto\">Det medf\u00f6r f\u00f6rst\u00e5s b\u00e5de personliga och samh\u00e4llsekonomiska f\u00f6rdelar. Genom att senarel\u00e4gga medborgares inflyttning p\u00e5 v\u00e5rdhem kan kommunen omf\u00f6rdela resurser och tillgodose andra br\u00e5dskande behov bland inv\u00e5narna.<\/span>[\/vc_column_text][nectar_btn size=&#8221;large&#8221; open_new_tab=&#8221;true&#8221; button_style=&#8221;see-through-2&#8243; color_override=&#8221;#006885&#8243; hover_color_override=&#8221;#006885&#8243; hover_text_color_override=&#8221;#ffffff&#8221; icon_family=&#8221;none&#8221; text=&#8221;L\u00e4s mer p\u00e5 Liding\u00f6 stads hemsida&#8221; url=&#8221;https:\/\/www.lidingo.se\/toppmeny\/kulturfritid\/aktivsenior\/tranahjarnaforenbattrehjarnhalsa&#8221;][\/vc_column_inner][vc_column_inner column_padding=&#8221;no-extra-padding&#8221; column_padding_tablet=&#8221;inherit&#8221; column_padding_phone=&#8221;inherit&#8221; column_padding_position=&#8221;all&#8221; column_element_direction_desktop=&#8221;default&#8221; column_element_spacing=&#8221;default&#8221; desktop_text_alignment=&#8221;default&#8221; tablet_text_alignment=&#8221;default&#8221; phone_text_alignment=&#8221;default&#8221; background_color_opacity=&#8221;1&#8243; background_hover_color_opacity=&#8221;1&#8243; column_backdrop_filter=&#8221;none&#8221; column_shadow=&#8221;none&#8221; column_border_radius=&#8221;none&#8221; column_link_target=&#8221;_self&#8221; overflow=&#8221;visible&#8221; gradient_direction=&#8221;left_to_right&#8221; overlay_strength=&#8221;0.3&#8243; width=&#8221;1\/3&#8243; tablet_width_inherit=&#8221;default&#8221; animation_type=&#8221;default&#8221; bg_image_animation=&#8221;none&#8221; border_type=&#8221;simple&#8221; column_border_width=&#8221;none&#8221; column_border_style=&#8221;solid&#8221;][divider line_type=&#8221;No Line&#8221;][vc_column_text]\n<blockquote><p>&#8221;Jag upplever att jag f\u00e5tt livet tillbaka.&#8221;<\/p><\/blockquote>\n[\/vc_column_text][nectar_btn size=&#8221;large&#8221; button_style=&#8221;see-through-2&#8243; color_override=&#8221;#006885&#8243; hover_text_color_override=&#8221;#ffffff&#8221; icon_family=&#8221;none&#8221; text=&#8221;L\u00e4s deltagaren Annas ber\u00e4ttelse&#8221; url=&#8221;https:\/\/fbhi.se\/sv\/deltagare-trana-hjarna&#8221;][image_with_animation image_url=&#8221;11137&#8243; image_size=&#8221;full&#8221; animation_type=&#8221;entrance&#8221; animation=&#8221;slide-up&#8221; animation_easing=&#8221;default&#8221; animation_movement_type=&#8221;transform_y&#8221; hover_animation=&#8221;none&#8221; alignment=&#8221;center&#8221; border_radius=&#8221;20px&#8221; box_shadow=&#8221;none&#8221; image_loading=&#8221;skip-lazy-load&#8221; max_width=&#8221;100%&#8221; max_width_mobile=&#8221;default&#8221;][vc_column_text]<em>Deltagare Anna med Tr\u00e4na hj\u00e4rna-samordnare Elin<\/em>[\/vc_column_text][image_with_animation image_url=&#8221;10871&#8243; image_size=&#8221;full&#8221; animation_type=&#8221;entrance&#8221; animation=&#8221;slide-up&#8221; animation_easing=&#8221;default&#8221; animation_movement_type=&#8221;transform_y&#8221; hover_animation=&#8221;none&#8221; alignment=&#8221;center&#8221; border_radius=&#8221;20px&#8221; box_shadow=&#8221;none&#8221; image_loading=&#8221;skip-lazy-load&#8221; max_width=&#8221;100%&#8221; max_width_mobile=&#8221;default&#8221;][vc_column_text]<em>Deltagare Gunnel och Monica<\/em>[\/vc_column_text][divider line_type=&#8221;No Line&#8221;][image_with_animation image_url=&#8221;8072&#8243; image_size=&#8221;full&#8221; animation_type=&#8221;entrance&#8221; animation=&#8221;slide-up&#8221; animation_easing=&#8221;default&#8221; animation_movement_type=&#8221;transform_y&#8221; hover_animation=&#8221;none&#8221; alignment=&#8221;center&#8221; border_radius=&#8221;20px&#8221; box_shadow=&#8221;none&#8221; image_loading=&#8221;skip-lazy-load&#8221; max_width=&#8221;100%&#8221; max_width_mobile=&#8221;default&#8221;][vc_column_text]<em>Tr\u00e4ff med dans<\/em>[\/vc_column_text][divider line_type=&#8221;No Line&#8221;][\/vc_column_inner][\/vc_row_inner][\/vc_column][\/vc_row]\n","protected":false},"excerpt":{"rendered":"<p>[vc_row type=&#8221;full_width_background&#8221; full_screen_row_position=&#8221;middle&#8221; column_margin=&#8221;default&#8221; column_direction=&#8221;default&#8221; column_direction_tablet=&#8221;default&#8221; column_direction_phone=&#8221;default&#8221; scene_position=&#8221;center&#8221; top_padding=&#8221;30px&#8221; bottom_padding=&#8221;30px&#8221; text_color=&#8221;dark&#8221; text_align=&#8221;left&#8221; row_border_radius=&#8221;none&#8221; row_border_radius_applies=&#8221;bg&#8221; overflow=&#8221;visible&#8221; overlay_strength=&#8221;0.3&#8243; gradient_direction=&#8221;left_to_right&#8221; shape_divider_color=&#8221;#3452ff&#8221; shape_divider_position=&#8221;bottom&#8221; shape_divider_height=&#8221;40%&#8221; bg_image_animation=&#8221;none&#8221; shape_type=&#8221;straight_section&#8221; gradient_type=&#8221;default&#8221;][vc_column column_padding=&#8221;padding-2-percent&#8221; column_padding_tablet=&#8221;inherit&#8221; column_padding_phone=&#8221;inherit&#8221; column_padding_position=&#8221;all&#8221; column_element_direction_desktop=&#8221;default&#8221; column_element_spacing=&#8221;20px&#8221; desktop_text_alignment=&#8221;default&#8221;&#8230;<\/p>\n","protected":false},"author":2,"featured_media":0,"parent":0,"menu_order":0,"comment_status":"closed","ping_status":"closed","template":"","meta":{"_acf_changed":false,"_monsterinsights_skip_tracking":false,"_monsterinsights_sitenote_active":false,"_monsterinsights_sitenote_note":"","_monsterinsights_sitenote_category":0,"footnotes":""},"class_list":["post-11083","page","type-page","status-publish"],"acf":[],"aioseo_notices":[],"_links":{"self":[{"href":"https:\/\/fbhi.se\/sv\/wp-json\/wp\/v2\/pages\/11083","targetHints":{"allow":["GET"]}}],"collection":[{"href":"https:\/\/fbhi.se\/sv\/wp-json\/wp\/v2\/pages"}],"about":[{"href":"https:\/\/fbhi.se\/sv\/wp-json\/wp\/v2\/types\/page"}],"author":[{"embeddable":true,"href":"https:\/\/fbhi.se\/sv\/wp-json\/wp\/v2\/users\/2"}],"replies":[{"embeddable":true,"href":"https:\/\/fbhi.se\/sv\/wp-json\/wp\/v2\/comments?post=11083"}],"version-history":[{"count":22,"href":"https:\/\/fbhi.se\/sv\/wp-json\/wp\/v2\/pages\/11083\/revisions"}],"predecessor-version":[{"id":12082,"href":"https:\/\/fbhi.se\/sv\/wp-json\/wp\/v2\/pages\/11083\/revisions\/12082"}],"wp:attachment":[{"href":"https:\/\/fbhi.se\/sv\/wp-json\/wp\/v2\/media?parent=11083"}],"curies":[{"name":"wp","href":"https:\/\/api.w.org\/{rel}","templated":true}]}}